{"id":12,"date":"2026-08-31T09:21:34","date_gmt":"2026-08-31T09:21:34","guid":{"rendered":"https:\/\/clinicamariaparra.packweb.es\/?page_id=12"},"modified":"2026-08-31T11:29:29","modified_gmt":"2026-08-31T11:29:29","slug":"otros-servicios","status":"publish","type":"page","link":"https:\/\/clinicamariaparra.packweb.es\/?page_id=12","title":{"rendered":"Otros servicios"},"content":{"rendered":"<style>#kt-layout-idhero_otros_v2 > .kt-row-column-wrap{z-index:10;position:relative;align-content:start;}:where(#kt-layout-idhero_otros_v2 > .kt-row-column-wrap) > .wp-block-kadence-column{justify-content:start;}#kt-layout-idhero_otros_v2 > .kt-row-column-wrap{column-gap:var(--global-kb-gap-md, 2rem);row-gap:var(--global-kb-gap-md, 2rem);padding-top:var( --global-kb-row-default-top, 25px );padding-bottom:var( --global-kb-row-default-bottom, 25px );padding-top:var(--global-kb-spacing-sm, 1.5rem);padding-bottom:var(--global-kb-spacing-sm, 1.5rem);grid-template-columns:minmax(0, 1fr);}#kt-layout-idhero_otros_v2{background-image:url('https:\/\/clinicamariaparra.packweb.es\/wp-content\/uploads\/2026\/08\/hands-of-anonymous-supportive-friend-holding-hands-of-woman.jpg');background-size:cover;background-position:50% 50%;background-attachment:scroll;background-repeat:no-repeat;}#kt-layout-idhero_otros_v2 > .kt-row-layout-overlay{opacity:0.40;background-color:#000000;}#kt-layout-idhero_otros_v2 .kt-row-layout-bottom-sep{height:90px;}#kt-layout-idhero_otros_v2 .kt-row-layout-bottom-sep svg{width:100%;}#kt-layout-idhero_otros_v2 .kt-row-layout-bottom-sep svg{fill:#ffffff!important;}@media all and (max-width: 1024px){#kt-layout-idhero_otros_v2 > .kt-row-column-wrap{grid-template-columns:minmax(0, 1fr);}}@media all and (max-width: 1024px){#kt-layout-idhero_otros_v2 .kt-row-layout-bottom-sep{height:px;}}@media all and (max-width: 1024px){#kt-layout-idhero_otros_v2 .kt-row-layout-bottom-sep svg{width:%;}}@media all and (max-width: 767px){#kt-layout-idhero_otros_v2 > .kt-row-column-wrap{grid-template-columns:minmax(0, 1fr);}#kt-layout-idhero_otros_v2 .kt-row-layout-bottom-sep{height:px;}#kt-layout-idhero_otros_v2 .kt-row-layout-bottom-sep svg{width:%;}}<\/style>\n<div class=\"wp-block-kadence-rowlayout alignnone alignfull kt-row-has-bg\" style=\"position:relative;background-image:linear-gradient(rgba(0,0,0,0.35), rgba(0,0,0,0.55)), url('https:\/\/clinicamariaparra.packweb.es\/wp-content\/uploads\/2026\/08\/hands-of-anonymous-supportive-friend-holding-hands-of-woman.jpg');background-size:cover;background-position:center center;padding-top:160px;padding-bottom:170px;min-height:480px;display:flex;align-items:center;justify-content:center;box-sizing:border-box;\"><div class=\"kt-row-column-wrap kt-has-1-columns kt-row-valign-middle\" style=\"width:100%;max-width:1140px;margin:0 auto;padding:0 20px;position:relative;z-index:3;\">\n<div class=\"wp-block-kadence-column\" style=\"text-align:center;\">\n<h1 style=\"color:#ffffff;font-size:42px;font-weight:700;letter-spacing:1.5px;text-transform:uppercase;margin:0;text-shadow:0 3px 12px rgba(0,0,0,0.6);font-family:inherit;\">OTROS SERVICIOS<\/h1>\n<\/div>\n<\/div><div class=\"kt-row-layout-bottom-sep kt-row-layout-sep-curve\" style=\"position:absolute;bottom:-1px;left:0;right:0;width:100%;line-height:0;overflow:hidden;z-index:4;pointer-events:none;\"><svg viewBox=\"0 0 1280 140\" preserveAspectRatio=\"none\" style=\"display:block;width:100%;height:95px;\"><g fill=\"#ffffff\"><path d=\"M725.29 101.2C325.22 122.48 0 0 0 0v140h1280V0s-154.64 79.92-554.71 101.2z\" fill-opacity=\".3\"><\/path><path d=\"M556.45 119.74C953.41 140 1280 14 1280 14v126H0V0s159.5 99.48 556.45 119.74z\" fill-opacity=\".5\"><\/path><path d=\"M640 140c353.46 0 640-140 640-139v140H0V0s286.54 140 640 140z\"><\/path><\/g><\/svg><\/div><\/div>\n\n\n<style>#kt-layout-idsec_pilates > .kt-row-column-wrap{align-content:start;}:where(#kt-layout-idsec_pilates > .kt-row-column-wrap) > .wp-block-kadence-column{justify-content:start;}#kt-layout-idsec_pilates > .kt-row-column-wrap{column-gap:var(--global-kb-gap-md, 2rem);row-gap:var(--global-kb-gap-md, 2rem);padding-top:var( --global-kb-row-default-top, 25px );padding-bottom:var( --global-kb-row-default-bottom, 25px );padding-top:var(--global-kb-spacing-sm, 1.5rem);padding-bottom:var(--global-kb-spacing-sm, 1.5rem);grid-template-columns:repeat(2, minmax(0, 1fr));}#kt-layout-idsec_pilates > .kt-row-layout-overlay{opacity:0.30;}@media all and (max-width: 1024px){#kt-layout-idsec_pilates > .kt-row-column-wrap{grid-template-columns:repeat(2, minmax(0, 1fr));}}@media all and (max-width: 767px){#kt-layout-idsec_pilates > .kt-row-column-wrap{grid-template-columns:minmax(0, 1fr);}}<\/style>\n<div class=\"wp-block-kadence-rowlayout alignnone\" style=\"padding:80px 20px;\"><div class=\"kt-row-column-wrap kt-has-2-columns\" style=\"max-width:1140px;margin:0 auto;display:flex;flex-wrap:wrap;gap:50px;align-items:center;\">\n<div class=\"wp-block-kadence-column\" style=\"flex:1;min-width:300px;text-align:center;\">\n<div style=\"position:relative;display:inline-block;\">\n<img decoding=\"async\" src=\"https:\/\/clinicamariaparra.packweb.es\/wp-content\/uploads\/2026\/08\/pilates.png\" alt=\"Pilates\" title=\"Pilates Cl\u00ednico en Aranjuez\" style=\"border-radius:16px;max-width:100%;height:auto;box-shadow:0 10px 25px rgba(0,0,0,0.06);\"\/>\n<div style=\"position:absolute;bottom:-25px;left:50%;transform:translateX(-50%);background-color:#6ed4c4;border-radius:50%;width:80px;height:80px;display:flex;align-items:center;justify-content:center;box-shadow:0 4px 15px rgba(110,212,196,0.4);\"><img loading=\"lazy\" decoding=\"async\" src=\"https:\/\/clinicamariaparra.packweb.es\/wp-content\/uploads\/2026\/08\/pilates-blanco.png\" alt=\"Icono Pilates\" title=\"Pilates\" width=\"45\" height=\"45\"\/><\/div>\n<\/div>\n<\/div>\n<div class=\"wp-block-kadence-column\" style=\"flex:1.4;min-width:300px;\">\n<h2 style=\"color:#6ed4c4;font-size:32px;font-weight:700;margin-bottom:20px;\">Pilates<\/h2>\n<p style=\"color:#4a5568;line-height:1.7;margin-bottom:15px;\">Los ejercicios practicados en pilates est\u00e1n orientados a mejorar la funci\u00f3n corporal, movilizaci\u00f3n articular, neuromuscular y de las cadenas miofasciales, fortaleciendo la faja abdominal como pilar principal de nuestro cuerpo (core) coordinando el esfuerzo con la respiraci\u00f3n.<\/p>\n<p style=\"color:#4a5568;line-height:1.7;margin-bottom:15px;\">A trav\u00e9s del m\u00e9todo Pilates la persona reeduca, aprende y mejora sus movimientos, su equilibrio y coordinaci\u00f3n, estimulando la conciencia corporal y aliviando as\u00ed dolencias sobrevenidas tanto por ciertas patolog\u00edas como por la falta de movilidad.<\/p>\n<p style=\"color:#4a5568;line-height:1.7;\">En nuestro centro disponemos de 6 reformer con torre y 6 combo chair, adem\u00e1s de todos los aparatos (pelota, roller, banda el\u00e1stica, aro y bossu) para ofrecer una pr\u00e1ctica de pilates completa y variada.<\/p>\n<\/div>\n<\/div><\/div>\n\n\n<style>#kt-layout-idsec_hipo > .kt-row-column-wrap{align-content:start;}:where(#kt-layout-idsec_hipo > .kt-row-column-wrap) > .wp-block-kadence-column{justify-content:start;}#kt-layout-idsec_hipo > .kt-row-column-wrap{column-gap:var(--global-kb-gap-md, 2rem);row-gap:var(--global-kb-gap-md, 2rem);padding-top:var( --global-kb-row-default-top, 25px );padding-bottom:var( --global-kb-row-default-bottom, 25px );padding-top:var(--global-kb-spacing-sm, 1.5rem);padding-bottom:var(--global-kb-spacing-sm, 1.5rem);grid-template-columns:repeat(2, minmax(0, 1fr));}#kt-layout-idsec_hipo{background-color:#f9fbfb;}#kt-layout-idsec_hipo > .kt-row-layout-overlay{opacity:0.30;}@media all and (max-width: 1024px){#kt-layout-idsec_hipo > .kt-row-column-wrap{grid-template-columns:repeat(2, minmax(0, 1fr));}}@media all and (max-width: 767px){#kt-layout-idsec_hipo > .kt-row-column-wrap{grid-template-columns:minmax(0, 1fr);}}<\/style>\n<div class=\"wp-block-kadence-rowlayout alignnone alignfull\" style=\"background-color:#f9fbfb;padding:80px 20px;\"><div class=\"kt-row-column-wrap kt-has-2-columns\" style=\"max-width:1140px;margin:0 auto;display:flex;flex-wrap:wrap;gap:50px;align-items:center;flex-direction:row-reverse;\">\n<div class=\"wp-block-kadence-column\" style=\"flex:1;min-width:300px;text-align:center;\">\n<div style=\"position:relative;display:inline-block;\">\n<img decoding=\"async\" src=\"https:\/\/clinicamariaparra.packweb.es\/wp-content\/uploads\/2026\/08\/hipopresivos.png\" alt=\"Hipopresivos\" title=\"Ejercicios Hipopresivos\" style=\"border-radius:16px;max-width:100%;height:auto;box-shadow:0 10px 25px rgba(0,0,0,0.06);\"\/>\n<div style=\"position:absolute;bottom:-25px;left:50%;transform:translateX(-50%);background-color:#6ed4c4;border-radius:50%;width:80px;height:80px;display:flex;align-items:center;justify-content:center;box-shadow:0 4px 15px rgba(110,212,196,0.4);\"><img loading=\"lazy\" decoding=\"async\" src=\"https:\/\/clinicamariaparra.packweb.es\/wp-content\/uploads\/2026\/08\/dolor-abdominal.png\" alt=\"Icono Hipopresivos\" title=\"Hipopresivos\" width=\"45\" height=\"45\"\/><\/div>\n<\/div>\n<\/div>\n<div class=\"wp-block-kadence-column\" style=\"flex:1.4;min-width:300px;\">\n<h2 style=\"color:#6ed4c4;font-size:32px;font-weight:700;margin-bottom:20px;\">Hipopresivos<\/h2>\n<p style=\"color:#4a5568;line-height:1.7;margin-bottom:15px;\">Los ejercicios hipopresivos buscan disminuir la presi\u00f3n de la cavidad abdominop\u00e9lvica y tor\u00e1cica realizando apneas inspiratorias en diferentes posiciones y con diferentes movimientos.<\/p>\n<p style=\"color:#4a5568;line-height:1.7;margin-bottom:10px;\"><strong style=\"color:#6ed4c4;\">\u00bfQu\u00e9 beneficios aporta?<\/strong><\/p>\n<ul style=\"color:#4a5568;line-height:1.8;padding-left:20px;\">\n<li>Reduce el per\u00edmetro abdominal.<\/li>\n<li>Mejora y recupera el suelo p\u00e9lvico tras el parto.<\/li>\n<li>Previene la incontinencia urinaria.<\/li>\n<li>Tonifica la faja abdominal y previene disfunciones lumbo-p\u00e9lvicas.<\/li>\n<li>Mejora la vascularizaci\u00f3n de la pelvis y miembros inferiores.<\/li>\n<\/ul>\n<\/div>\n<\/div><\/div>\n\n\n<style>#kt-layout-idsec_psico > .kt-row-column-wrap{align-content:start;}:where(#kt-layout-idsec_psico > .kt-row-column-wrap) > .wp-block-kadence-column{justify-content:start;}#kt-layout-idsec_psico > .kt-row-column-wrap{column-gap:var(--global-kb-gap-md, 2rem);row-gap:var(--global-kb-gap-md, 2rem);padding-top:var( --global-kb-row-default-top, 25px );padding-bottom:var( --global-kb-row-default-bottom, 25px );padding-top:var(--global-kb-spacing-sm, 1.5rem);padding-bottom:var(--global-kb-spacing-sm, 1.5rem);grid-template-columns:repeat(2, minmax(0, 1fr));}#kt-layout-idsec_psico > .kt-row-layout-overlay{opacity:0.30;}@media all and (max-width: 1024px){#kt-layout-idsec_psico > .kt-row-column-wrap{grid-template-columns:repeat(2, minmax(0, 1fr));}}@media all and (max-width: 767px){#kt-layout-idsec_psico > .kt-row-column-wrap{grid-template-columns:minmax(0, 1fr);}}<\/style>\n<div class=\"wp-block-kadence-rowlayout alignnone\" style=\"padding:80px 20px;\"><div class=\"kt-row-column-wrap kt-has-2-columns\" style=\"max-width:1140px;margin:0 auto;display:flex;flex-wrap:wrap;gap:50px;align-items:center;\">\n<div class=\"wp-block-kadence-column\" style=\"flex:1;min-width:300px;text-align:center;\">\n<div style=\"position:relative;display:inline-block;\">\n<img decoding=\"async\" src=\"https:\/\/clinicamariaparra.packweb.es\/wp-content\/uploads\/2026\/08\/psicologia.png\" alt=\"Psicolog\u00eda\" title=\"Psicolog\u00eda y Bienestar Emocional\" style=\"border-radius:16px;max-width:100%;height:auto;box-shadow:0 10px 25px rgba(0,0,0,0.06);\"\/>\n<div style=\"position:absolute;bottom:-25px;left:50%;transform:translateX(-50%);background-color:#6ed4c4;border-radius:50%;width:80px;height:80px;display:flex;align-items:center;justify-content:center;box-shadow:0 4px 15px rgba(110,212,196,0.4);\"><img loading=\"lazy\" decoding=\"async\" src=\"https:\/\/clinicamariaparra.packweb.es\/wp-content\/uploads\/2026\/08\/psicologia-blanco.png\" alt=\"Icono Psicolog\u00eda\" title=\"Psicolog\u00eda\" width=\"45\" height=\"45\"\/><\/div>\n<\/div>\n<\/div>\n<div class=\"wp-block-kadence-column\" style=\"flex:1.4;min-width:300px;\">\n<h2 style=\"color:#6ed4c4;font-size:32px;font-weight:700;margin-bottom:20px;\">Psicolog\u00eda<\/h2>\n<p style=\"color:#4a5568;line-height:1.7;margin-bottom:15px;\">Es importante que un profesional de la salud nos ayude en nuestra vida y nos oriente para alcanzar un bienestar emocional y una buena salud mental.<\/p>\n<p style=\"color:#4a5568;line-height:1.7;\">Gracias al psic\u00f3logo podemos alcanzar la v\u00eda m\u00e1s efectiva y directa para cambiar nuestro comportamiento, tanto si queremos eliminar o superar un problema de nuestra vida como si necesitamos afrontar situaciones dif\u00edciles con recursos eficaces.<\/p>\n<\/div>\n<\/div><\/div>\n\n\n<style>#kt-layout-idsec_ninos > .kt-row-column-wrap{align-content:start;}:where(#kt-layout-idsec_ninos > .kt-row-column-wrap) > .wp-block-kadence-column{justify-content:start;}#kt-layout-idsec_ninos > .kt-row-column-wrap{column-gap:var(--global-kb-gap-md, 2rem);row-gap:var(--global-kb-gap-md, 2rem);padding-top:var( --global-kb-row-default-top, 25px );padding-bottom:var( --global-kb-row-default-bottom, 25px );padding-top:var(--global-kb-spacing-sm, 1.5rem);padding-bottom:var(--global-kb-spacing-sm, 1.5rem);grid-template-columns:repeat(2, minmax(0, 1fr));}#kt-layout-idsec_ninos{background-color:#f9fbfb;}#kt-layout-idsec_ninos > .kt-row-layout-overlay{opacity:0.30;}@media all and (max-width: 1024px){#kt-layout-idsec_ninos > .kt-row-column-wrap{grid-template-columns:repeat(2, minmax(0, 1fr));}}@media all and (max-width: 767px){#kt-layout-idsec_ninos > .kt-row-column-wrap{grid-template-columns:minmax(0, 1fr);}}<\/style>\n<div class=\"wp-block-kadence-rowlayout alignnone alignfull\" style=\"background-color:#f9fbfb;padding:80px 20px;\"><div class=\"kt-row-column-wrap kt-has-2-columns\" style=\"max-width:1140px;margin:0 auto;display:flex;flex-wrap:wrap;gap:50px;align-items:center;flex-direction:row-reverse;\">\n<div class=\"wp-block-kadence-column\" style=\"flex:1;min-width:300px;text-align:center;\">\n<div style=\"position:relative;display:inline-block;\">\n<img decoding=\"async\" src=\"https:\/\/clinicamariaparra.packweb.es\/wp-content\/uploads\/2026\/08\/atencion-infantil-1.png\" alt=\"Atenci\u00f3n Infantil\" title=\"Atenci\u00f3n Especializada en Ni\u00f1os\" style=\"border-radius:16px;max-width:100%;height:auto;box-shadow:0 10px 25px rgba(0,0,0,0.06);\"\/>\n<div style=\"position:absolute;bottom:-25px;left:50%;transform:translateX(-50%);background-color:#6ed4c4;border-radius:50%;width:80px;height:80px;display:flex;align-items:center;justify-content:center;box-shadow:0 4px 15px rgba(110,212,196,0.4);\"><img loading=\"lazy\" decoding=\"async\" src=\"https:\/\/clinicamariaparra.packweb.es\/wp-content\/uploads\/2026\/08\/atencion-infantil-color.png\" alt=\"Icono Atenci\u00f3n Infantil\" title=\"Atenci\u00f3n Infantil\" width=\"45\" height=\"45\"\/><\/div>\n<\/div>\n<\/div>\n<div class=\"wp-block-kadence-column\" style=\"flex:1.4;min-width:300px;\">\n<h2 style=\"color:#6ed4c4;font-size:32px;font-weight:700;margin-bottom:20px;\">Atenci\u00f3n especializada en ni\u00f1os<\/h2>\n<p style=\"color:#4a5568;line-height:1.7;margin-bottom:15px;\">Ponemos a su servicio atenci\u00f3n especializada en:<\/p>\n<ul style=\"color:#4a5568;line-height:1.8;padding-left:20px;\">\n<li>Atenci\u00f3n temprana<\/li>\n<li>Trastorno de d\u00e9ficit de atenci\u00f3n con hiperactividad (TDAH)<\/li>\n<li>Dificultades de aprendizaje<\/li>\n<li>Altas capacidades<\/li>\n<li>Psicopedagog\u00eda infanto-juvenil<\/li>\n<\/ul>\n<\/div>\n<\/div><\/div>\n\n\n<style>#kt-layout-idcta_otros > .kt-row-column-wrap{align-content:start;}:where(#kt-layout-idcta_otros > .kt-row-column-wrap) > .wp-block-kadence-column{justify-content:start;}#kt-layout-idcta_otros > .kt-row-column-wrap{column-gap:var(--global-kb-gap-md, 2rem);row-gap:var(--global-kb-gap-md, 2rem);padding-top:var( --global-kb-row-default-top, 25px );padding-bottom:var( --global-kb-row-default-bottom, 25px );padding-top:var(--global-kb-spacing-sm, 1.5rem);padding-bottom:var(--global-kb-spacing-sm, 1.5rem);grid-template-columns:repeat(2, minmax(0, 1fr));}#kt-layout-idcta_otros{background-color:#f4fbf9;}#kt-layout-idcta_otros > .kt-row-layout-overlay{opacity:0.30;}@media all and (max-width: 1024px){#kt-layout-idcta_otros > .kt-row-column-wrap{grid-template-columns:repeat(2, minmax(0, 1fr));}}@media all and (max-width: 767px){#kt-layout-idcta_otros > .kt-row-column-wrap{grid-template-columns:minmax(0, 1fr);}}<\/style>\n<div class=\"wp-block-kadence-rowlayout alignnone alignfull\" style=\"background-color:#f4fbf9;padding:60px 20px;text-align:center;\"><div class=\"kt-row-column-wrap\" style=\"max-width:800px;margin:0 auto;\">\n<h2 style=\"color:#6ed4c4;font-size:32px;font-weight:700;letter-spacing:1px;margin-bottom:20px;text-transform:uppercase;\">CONTACTE CON NOSOTROS<\/h2>\n<div><a href=\"https:\/\/clinicamariaparra.packweb.es\/?page_id=14\" style=\"background-color:#ffffff;color:#6ed4c4;border:2px solid #6ed4c4;border-radius:30px;padding:12px 36px;text-decoration:none;font-weight:700;display:inline-block;\">Contacto<\/a><\/div>\n<\/div><\/div>\n","protected":false},"excerpt":{"rendered":"<p>OTROS SERVICIOS Pilates Los ejercicios practicados en pilates est\u00e1n orientados a mejorar la funci\u00f3n corporal, movilizaci\u00f3n articular, neuromuscular y de las cadenas miofasciales, fortaleciendo la faja abdominal como pilar principal de nuestro cuerpo (core) coordinando el esfuerzo con la respiraci\u00f3n. A trav\u00e9s del m\u00e9todo Pilates la persona reeduca, aprende y mejora sus movimientos, su equilibrio&#8230;<\/p>\n","protected":false},"author":1,"featured_media":0,"parent":0,"menu_order":0,"comment_status":"closed","ping_status":"closed","template":"","meta":{"_kadence_starter_templates_imported_post":false,"_kad_post_transparent":"","_kad_post_title":"","_kad_post_layout":"","_kad_post_sidebar_id":"","_kad_post_content_style":"","_kad_post_vertical_padding":"","_kad_post_feature":"","_kad_post_feature_position":"","_kad_post_header":false,"_kad_post_footer":false,"_kad_post_classname":"","footnotes":""},"class_list":["post-12","page","type-page","status-publish","hentry"],"_links":{"self":[{"href":"https:\/\/clinicamariaparra.packweb.es\/index.php?rest_route=\/wp\/v2\/pages\/12","targetHints":{"allow":["GET"]}}],"collection":[{"href":"https:\/\/clinicamariaparra.packweb.es\/index.php?rest_route=\/wp\/v2\/pages"}],"about":[{"href":"https:\/\/clinicamariaparra.packweb.es\/index.php?rest_route=\/wp\/v2\/types\/page"}],"author":[{"embeddable":true,"href":"https:\/\/clinicamariaparra.packweb.es\/index.php?rest_route=\/wp\/v2\/users\/1"}],"replies":[{"embeddable":true,"href":"https:\/\/clinicamariaparra.packweb.es\/index.php?rest_route=%2Fwp%2Fv2%2Fcomments&post=12"}],"version-history":[{"count":4,"href":"https:\/\/clinicamariaparra.packweb.es\/index.php?rest_route=\/wp\/v2\/pages\/12\/revisions"}],"predecessor-version":[{"id":90,"href":"https:\/\/clinicamariaparra.packweb.es\/index.php?rest_route=\/wp\/v2\/pages\/12\/revisions\/90"}],"wp:attachment":[{"href":"https:\/\/clinicamariaparra.packweb.es\/index.php?rest_route=%2Fwp%2Fv2%2Fmedia&parent=12"}],"curies":[{"name":"wp","href":"https:\/\/api.w.org\/{rel}","templated":true}]}}